{"id":1137,"date":"2018-09-04T11:27:59","date_gmt":"2018-09-04T11:27:59","guid":{"rendered":"https:\/\/paletsdfusta.com\/?page_id=1137"},"modified":"2018-09-04T11:27:59","modified_gmt":"2018-09-04T11:27:59","slug":"politica-de-privacitat-2018","status":"publish","type":"page","link":"https:\/\/paletsdfusta.com\/en\/politica-de-privacitat-2018\/","title":{"rendered":"PRIVACY POLICY"},"content":{"rendered":"<p><span style=\"color: #000000;\">(Revisat el 20 de juny del 2018)<\/span><br \/>\n<span style=\"color: #000000;\">A S.D. FUSTA, C.B. treballem per garantir la privacitat en el tractament de les seves dades personals. Hem actualitzat la nostra Pol\u00edtica de Privacitat per informar clarament de com recollim, utilitzem i custodiem les dades de les persones que contacten amb la nostra empresa:<\/span><br \/>\n<span style=\"color: #000000;\">\u2022 Responsable del tractament<\/span><br \/>\n<span style=\"color: #000000;\">\u2022 Finalitats del tractament de dades<\/span><br \/>\n<span style=\"color: #000000;\">\u2022 Per\u00edode de conservaci\u00f3 de dades<\/span><br \/>\n<span style=\"color: #000000;\">\u2022 Legitimaci\u00f3 per al tractament de dades<\/span><br \/>\n<span style=\"color: #000000;\">\u2022 Comunicaci\u00f3 de dades<\/span><br \/>\n<span style=\"color: #000000;\">\u2022 Transfer\u00e8ncies internacionals de dades<\/span><br \/>\n<span style=\"color: #000000;\">\u2022 Els seus drets<\/span><br \/>\n<span style=\"color: #000000;\">\u2022 Obtenci\u00f3 de les seves dades.<\/span><\/p>\n<p><span style=\"color: #000000;\"><strong>Qui \u00e9s el responsable del tractament de les seves dades?<\/strong><\/span><br \/>\n<span style=\"color: #000000;\">Ra\u00f3 social: S.D. FUSTA, C.B.<\/span><br \/>\n<span style=\"color: #000000;\">Nom comercial: S.D. FUSTA<\/span><br \/>\n<span style=\"color: #000000;\">NIF: E-43476126<\/span><br \/>\n<span style=\"color: #000000;\">Adre\u00e7a postal: POLIGON INDUSTRIAL LA DRECERA, CR. ENERGIA, 39 43470 SELVA DEL CAMP (Tarragona).<\/span><br \/>\n<span style=\"color: #000000;\">Tel\u00e8fon: +34 977 84 41 84<\/span><br \/>\n<span style=\"color: #000000;\">Correu electr\u00f2nic: info@paletsdfusta.com \/ sdfusta@paletsdfusta.com<\/span><\/p>\n<p><span style=\"color: #000000;\"><strong>Amb quina finalitat tractem les seves dades personals?<\/strong><\/span><br \/>\n<span style=\"color: #000000;\">A S.D. FUSTA, C.B. el tractament de dades es realitza amb les seg\u00fcents finalitats, en funci\u00f3 del motiu pel qual ens els hagi facilitat:<\/span><br \/>\n<span style=\"color: #000000;\">1. Gestionar dades facilitades directament pel propi interessat, com a professional o a nivell particular per informar dels nostres productes i serveis, donar resposta a la seva sol\u00b7licitud, petici\u00f3 o consulta i fer un seguiment posterior.<\/span><br \/>\n<span style=\"color: #000000;\">2. Gestionar, les dades proporcionades pel client en el moment de contractar els nostres serveis, a nivell organitzatiu, comptable, fiscal i administratiu, aix\u00ed com per informar sobre serveis, esdeveniments i not\u00edcies relacionades amb la nostra activitat professional que puguin ser del seu inter\u00e8s.<\/span><br \/>\n<span style=\"color: #000000;\">3. Gestionar les dades professionals o particulars de l&#8217;USUARI per la seva participaci\u00f3 en els diferents esdeveniments o activitats que organitzem i ens hagin autoritzat per informar sobre altres activitats o esdeveniments que puguem organitzar en relaci\u00f3 amb projectes o serveis que puguin ser del seu inter\u00e8s.<\/span><br \/>\n<span style=\"color: #000000;\">4. Realitzar, en cas que s&#8217;hagi subscrit a les nostres Newsletters, l&#8217;enviament de les mateixes tractant les dades facilitades per remetre-li.<\/span><br \/>\n<span style=\"color: #000000;\">5. Realitzar, si \u00e9s el cas, el perfil d&#8217;usuari per oferir-li els nostres productes i serveis.<\/span><\/p>\n<p><span style=\"color: #000000;\"><strong>Per quant de temps conservarem les seves dades?<\/strong><\/span><br \/>\n<span style=\"color: #000000;\">\u2022 Les dades per a la gesti\u00f3 de la relaci\u00f3 amb el client i la facturaci\u00f3 i cobrament dels serveis seran conservades durant tot el temps en qu\u00e8 el contracte estigui vigent. Un cop finalitzada aquesta relaci\u00f3, si \u00e9s el cas, les dades podran ser conservades durant el temps exigit per la legislaci\u00f3 aplicable i fins que prescriguin les eventuals responsabilitats derivades del contracte.<\/span><br \/>\n<span style=\"color: #000000;\">\u2022 Les dades relatives a publicacions de comentaris sobre els nostres productes es mantindran durant la vig\u00e8ncia i publicitat dels productes o serveis als quals fan refer\u00e8ncia, llevat que s&#8217;expressi el seu desig que siguin eliminats en qualsevol moment.<\/span><br \/>\n<span style=\"color: #000000;\">\u2022 Les dades per a la participaci\u00f3 en esdeveniments i activitats es conservaran durant el temps que durin els mateixos, per gestionar el seu desenvolupament i, despr\u00e9s, fins que prescriguin les possibles responsabilitats derivades de la seva realitzaci\u00f3.<\/span><br \/>\n<span style=\"color: #000000;\">\u2022 Les dades per a l&#8217;enviament de newsletters seran conservats indefinidament fins que, si \u00e9s el cas, ens manifestin la seva voluntat de suprimir-los.<\/span><br \/>\n<span style=\"color: #000000;\">\u2022 Les dades per a l&#8217;enviament de comunicacions comercials i elaboraci\u00f3 de perfils comercials dels nostres productes o serveis seran conservats indefinidament fins que, si \u00e9s el cas, ens manifestin la seva voluntat de suprimir-los.<\/span><\/p>\n<p><span style=\"color: #000000;\"><strong>Quina \u00e9s la legitimaci\u00f3 per al tractament de les seves dades?<\/strong><\/span><br \/>\n<span style=\"color: #000000;\">\u2022 La base legal per al tractament de les seves dades de les finalitats 1 a 3 \u00e9s l&#8217;execuci\u00f3 contractual de la prestaci\u00f3 del servei corresponent.<\/span><br \/>\n<span style=\"color: #000000;\">\u2022 L&#8217;oferta prospectiva de productes i serveis a clients t\u00e9 com a base la satisfacci\u00f3 de l&#8217;inter\u00e8s leg\u00edtim empresarial consistent en poder oferir als nostres clients la contractaci\u00f3 d&#8217;altres productes o serveis i aconseguir aix\u00ed la seva fidelitzaci\u00f3. Aquest inter\u00e8s leg\u00edtim es reconeix per la normativa legal aplicable (Reglament General de Protecci\u00f3 de Dades), que permet expressament el tractament de dades personals sobre aquesta base legal amb fins de m\u00e0rqueting directe.No obstant aix\u00f2, li recordem que t\u00e9 dret a oposar-se a aquest tractament de les seves dades, i pot fer-ho per qualsevol dels mitjans descrits en aquesta Pol\u00edtica.<\/span><br \/>\n<span style=\"color: #000000;\">\u2022 La base de l&#8217;enviament de comunicacions comercials a usuaris no clients \u00e9s el consentiment que s&#8217;ha sol\u00b7licitat, i pot ser revocat en qualsevol moment. La retirada d&#8217;aquest consentiment no afectar\u00e0 en cap cas a l&#8217;execuci\u00f3 del contracte, per\u00f2 els tractaments de dades amb aquesta finalitat efectuats amb anterioritat no perdran la seva licitud pel fet que el consentiment s&#8217;hagi revocat.<\/span><\/p>\n<p><span style=\"color: #000000;\"><strong>A quins destinataris es comunicaran les seves dades?<\/strong><\/span><br \/>\n<span style=\"color: #000000;\">No es cediran dades a tercers excepte a:<\/span><br \/>\n<span style=\"color: #000000;\">\u2022 A les entitats financeres a trav\u00e9s de les quals s&#8217;articuli la gesti\u00f3 de cobraments i pagaments. <\/span><br \/>\n<span style=\"color: #000000;\">\u2022 A les administracions p\u00fabliques competents, en els casos que preveu la Llei i per als fins en ella definits.<\/span><\/p>\n<p><span style=\"color: #000000;\"><strong>Transfer\u00e8ncies de dades a tercers pa\u00efsos?<\/strong> <\/span><br \/>\n<span style=\"color: #000000;\">No es realitzen transfer\u00e8ncies internacionals de dades.<\/span><\/p>\n<p><span style=\"color: #000000;\"><strong>Quins s\u00f3n els seus drets quan ens facilita les seves dades?<\/strong> <\/span><br \/>\n<span style=\"color: #000000;\">\u2022 Qualsevol persona t\u00e9 dret a obtenir confirmaci\u00f3 sobre si en S.D. FUSTA, C.B. estem tractant dades personals que els concerneixin, o no. <\/span><br \/>\n<span style=\"color: #000000;\">\u2022 Les persones interessades tenen dret a accedir a les seves dades personals, aix\u00ed com a sol\u00b7licitar la rectificaci\u00f3 de les dades inexactes o, si \u00e9s el cas, sol\u00b7licitar la seva supressi\u00f3 quan, entre d&#8217;altres motius, les dades ja no siguin necessaris per als fins per als que van ser recollides. <\/span><br \/>\n<span style=\"color: #000000;\">\u2022 En determinades circumst\u00e0ncies, els interessats podran sol\u00b7licitar la limitaci\u00f3 del tractament de les seves dades o el seu portabilitat, en aquest cas \u00fanicament els conservarem per a l&#8217;exercici o la defensa de reclamacions. <\/span><br \/>\n<span style=\"color: #000000;\">\u2022 En determinades circumst\u00e0ncies i per motius relacionats amb la seva situaci\u00f3 particular, els interessats podran oposar-se al tractament de les seves dades. En aquest cas, S.D. FUSTA, C.B. deixar\u00e0 de tractar les dades, excepte per motius leg\u00edtims imperiosos, o l&#8217;exercici o la defensa de possibles reclamacions. <\/span><br \/>\n<span style=\"color: #000000;\">Vost\u00e8 podr\u00e0 exercir materialment els seus drets de la seg\u00fcent manera: <\/span><br \/>\n<span style=\"color: #000000;\">-Per correu electr\u00f2nic adjuntant c\u00f2pia del seu DNI a: info@paletsdfusta.com \/ sdfusta@paletsdfusta.com<\/span><br \/>\n<span style=\"color: #000000;\">-A l&#8217;adre\u00e7a de correu electr\u00f2nic indicada li oferirem els formularis corresponents per a exercitar materialment aquests drets. <\/span><br \/>\n<span style=\"color: #000000;\">\u2022 Si ha atorgat el seu consentiment per a alguna finalitat concreta, t\u00e9 dret a retirar el consentiment atorgat en qualsevol moment, sense que aix\u00f2 afecti la licitud del tractament basat en el seu consentiment previ a la seva retirada. <\/span><br \/>\n<span style=\"color: #000000;\">\u2022 En el cas que consideri vulnerats els seus drets per que fa a la protecci\u00f3 de les seves dades personals, especialment quan no hagi obtingut satisfacci\u00f3 en l&#8217;exercici dels seus drets, pot presentar una reclamaci\u00f3 davant l&#8217;Autoritat de Control en mat\u00e8ria de protecci\u00f3 de dades competent a trav\u00e9s del seu lloc web: www.agpd.es.<\/span><\/p>\n<p><span style=\"color: #000000;\"><strong>Com hem obtingut les seves dades?<\/strong> <\/span><br \/>\n<span style=\"color: #000000;\">\u2022 Les dades personals que tractem a S.D. FUSTA, C.B. procedeixen dels propis interessats o el seu representant legal. <\/span><br \/>\n<span style=\"color: #000000;\">\u2022 No es tracten categories especials de dades personals (s\u00f3n aquelles dades que revelen l&#8217;origen \u00e8tnic o racial, les opinions pol\u00edtiques, les conviccions religioses o filos\u00f2fiques, o l&#8217;afiliaci\u00f3 sindical, dades gen\u00e8tiques, dades biom\u00e8triques dirigits a identificar de manera un\u00edvoca a una persona f\u00edsica, dades relatives a la salut o dades relatives a la vida sexual o quina \u00e9s l&#8217;orientaci\u00f3 sexual d&#8217;una persona f\u00edsica).<\/span><\/p>\n","protected":false},"excerpt":{"rendered":"<p>(Revisat el 20 de juny del 2018) A S.D. FUSTA, C.B. treballem per garantir la privacitat en el tractament de les seves dades personals. Hem actualitzat la nostra Pol\u00edtica de Privacitat per informar clarament de com recollim, utilitzem i custodiem les dades de les persones que contacten amb la nostra empresa: \u2022 Responsable del tractament [&hellip;]<\/p>\n","protected":false},"author":1,"featured_media":0,"parent":0,"menu_order":0,"comment_status":"closed","ping_status":"closed","template":"","meta":{"footnotes":""},"class_list":["post-1137","page","type-page","status-publish","hentry"],"translation":{"provider":"WPGlobus","version":"3.0.0","language":"en","enabled_languages":["ca","es","en"],"languages":{"ca":{"title":true,"content":true,"excerpt":false},"es":{"title":true,"content":true,"excerpt":false},"en":{"title":true,"content":false,"excerpt":false}}},"_links":{"self":[{"href":"https:\/\/paletsdfusta.com\/en\/wp-json\/wp\/v2\/pages\/1137","targetHints":{"allow":["GET"]}}],"collection":[{"href":"https:\/\/paletsdfusta.com\/en\/wp-json\/wp\/v2\/pages"}],"about":[{"href":"https:\/\/paletsdfusta.com\/en\/wp-json\/wp\/v2\/types\/page"}],"author":[{"embeddable":true,"href":"https:\/\/paletsdfusta.com\/en\/wp-json\/wp\/v2\/users\/1"}],"replies":[{"embeddable":true,"href":"https:\/\/paletsdfusta.com\/en\/wp-json\/wp\/v2\/comments?post=1137"}],"version-history":[{"count":8,"href":"https:\/\/paletsdfusta.com\/en\/wp-json\/wp\/v2\/pages\/1137\/revisions"}],"predecessor-version":[{"id":1145,"href":"https:\/\/paletsdfusta.com\/en\/wp-json\/wp\/v2\/pages\/1137\/revisions\/1145"}],"wp:attachment":[{"href":"https:\/\/paletsdfusta.com\/en\/wp-json\/wp\/v2\/media?parent=1137"}],"curies":[{"name":"wp","href":"https:\/\/api.w.org\/{rel}","templated":true}]}}